{"id":170,"date":"2021-03-11T18:59:03","date_gmt":"2021-03-11T18:59:03","guid":{"rendered":"https:\/\/centredeformationsteinfort.lu\/?page_id=170"},"modified":"2026-03-31T13:46:51","modified_gmt":"2026-03-31T13:46:51","slug":"home-page","status":"publish","type":"page","link":"https:\/\/www.centredereflexologieluxembourg.lu\/","title":{"rendered":""},"content":{"rendered":"\t\t<div data-elementor-type=\"wp-page\" data-elementor-id=\"170\" class=\"elementor elementor-170\" data-elementor-settings=\"{&quot;ha_cmc_init_switcher&quot;:&quot;no&quot;}\" data-elementor-post-type=\"page\">\n\t\t\t\t\t\t<section class=\"elementor-section elementor-top-section elementor-element elementor-element-71b8117 elementor-section-full_width elementor-section-height-default elementor-section-height-default\" data-id=\"71b8117\" data-element_type=\"section\" data-e-type=\"section\" data-settings=\"{&quot;_ha_eqh_enable&quot;:false}\">\n\t\t\t\t\t\t<div class=\"elementor-container elementor-column-gap-default\">\n\t\t\t\t\t<div class=\"elementor-column elementor-col-100 elementor-top-column elementor-element elementor-element-5941916\" data-id=\"5941916\" data-element_type=\"column\" data-e-type=\"column\">\n\t\t\t<div class=\"elementor-widget-wrap elementor-element-populated\">\n\t\t\t\t\t\t<div class=\"elementor-element elementor-element-10ab956 elementor--h-position-center elementor--v-position-middle elementor-arrows-position-inside elementor-pagination-position-inside elementor-widget elementor-widget-slides\" data-id=\"10ab956\" data-element_type=\"widget\" data-e-type=\"widget\" data-settings=\"{&quot;navigation&quot;:&quot;both&quot;,&quot;autoplay&quot;:&quot;yes&quot;,&quot;pause_on_hover&quot;:&quot;yes&quot;,&quot;pause_on_interaction&quot;:&quot;yes&quot;,&quot;autoplay_speed&quot;:5000,&quot;infinite&quot;:&quot;yes&quot;,&quot;transition&quot;:&quot;slide&quot;,&quot;transition_speed&quot;:500}\" data-widget_type=\"slides.default\">\n\t\t\t\t<div class=\"elementor-widget-container\">\n\t\t\t\t\t\t\t\t\t<div class=\"elementor-swiper\">\n\t\t\t\t\t<div class=\"elementor-slides-wrapper elementor-main-swiper swiper\" role=\"region\" aria-roledescription=\"carousel\" aria-label=\"Diapositives\" dir=\"ltr\" data-animation=\"fadeInUp\">\n\t\t\t\t<div class=\"swiper-wrapper elementor-slides\">\n\t\t\t\t\t\t\t\t\t\t<div class=\"elementor-repeater-item-67e95e4 swiper-slide\" role=\"group\" aria-roledescription=\"slide\"><div class=\"swiper-slide-bg\" role=\"img\" aria-label=\"formation\"><\/div><a class=\"swiper-slide-inner\" href=\"https:\/\/www.centredereflexologieluxembourg.lu\/?page_id=136\"><div class=\"swiper-slide-contents\"><div class=\"elementor-slide-heading\">FORMATIONS<\/div><div  class=\"elementor-button elementor-slide-button elementor-size-sm\">En savoir plus<\/div><\/div><\/a><\/div><div class=\"elementor-repeater-item-cd94ebf swiper-slide\" role=\"group\" aria-roledescription=\"slide\"><div class=\"swiper-slide-bg\" role=\"img\" aria-label=\"2017-11-12-13-13-26\"><\/div><a class=\"swiper-slide-inner\" href=\"https:\/\/www.centredereflexologieluxembourg.lu\/?page_id=235\"><div class=\"swiper-slide-contents\"><div class=\"elementor-slide-heading\">CONFERENCES<\/div><div  class=\"elementor-button elementor-slide-button elementor-size-sm\">En savoir plus<\/div><\/div><\/a><\/div>\t\t\t\t<\/div>\n\t\t\t\t\t\t\t\t\t\t\t\t\t\t\t<div class=\"elementor-swiper-button elementor-swiper-button-prev\" role=\"button\" tabindex=\"0\" aria-label=\"Diapositive pr\u00e9c\u00e9dente\">\n\t\t\t\t\t\t\t<i aria-hidden=\"true\" class=\"eicon-chevron-left\"><\/i>\t\t\t\t\t\t<\/div>\n\t\t\t\t\t\t<div class=\"elementor-swiper-button elementor-swiper-button-next\" role=\"button\" tabindex=\"0\" aria-label=\"Diapositive suivante\">\n\t\t\t\t\t\t\t<i aria-hidden=\"true\" class=\"eicon-chevron-right\"><\/i>\t\t\t\t\t\t<\/div>\n\t\t\t\t\t\t\t\t\t\t\t\t\t\t\t\t<div class=\"swiper-pagination\"><\/div>\n\t\t\t\t\t\t\t\t\t\t\t\t<\/div>\n\t\t\t\t<\/div>\n\t\t\t\t\t\t\t\t<\/div>\n\t\t\t\t<\/div>\n\t\t\t\t\t<\/div>\n\t\t<\/div>\n\t\t\t\t\t<\/div>\n\t\t<\/section>\n\t\t\t\t<section class=\"elementor-section elementor-top-section elementor-element elementor-element-8da20e4 elementor-section-boxed elementor-section-height-default elementor-section-height-default\" data-id=\"8da20e4\" data-element_type=\"section\" data-e-type=\"section\" data-settings=\"{&quot;_ha_eqh_enable&quot;:false}\">\n\t\t\t\t\t\t<div class=\"elementor-container elementor-column-gap-default\">\n\t\t\t\t\t<div class=\"elementor-column elementor-col-50 elementor-top-column elementor-element elementor-element-d098cd4\" data-id=\"d098cd4\" data-element_type=\"column\" data-e-type=\"column\">\n\t\t\t<div class=\"elementor-widget-wrap elementor-element-populated\">\n\t\t\t\t\t\t<div class=\"elementor-element elementor-element-3fa1fb0 elementor-widget__width-initial elementor-widget elementor-widget-heading\" data-id=\"3fa1fb0\" data-element_type=\"widget\" data-e-type=\"widget\" data-widget_type=\"heading.default\">\n\t\t\t\t<div class=\"elementor-widget-container\">\n\t\t\t\t\t<h2 class=\"elementor-heading-title elementor-size-default\">Qui sommes-nous ?<\/h2>\t\t\t\t<\/div>\n\t\t\t\t<\/div>\n\t\t\t\t<div class=\"elementor-element elementor-element-cce43c9 elementor-widget__width-initial elementor-invisible elementor-widget elementor-widget-image\" data-id=\"cce43c9\" data-element_type=\"widget\" data-e-type=\"widget\" data-settings=\"{&quot;_animation&quot;:&quot;zoomIn&quot;}\" data-widget_type=\"image.default\">\n\t\t\t\t<div class=\"elementor-widget-container\">\n\t\t\t\t\t\t\t\t\t\t\t\t\t\t\t<img fetchpriority=\"high\" decoding=\"async\" width=\"800\" height=\"534\" src=\"https:\/\/www.centredereflexologieluxembourg.lu\/wp-content\/uploads\/2021\/04\/155536766_374258046996654_7830004384008335928_n-1024x683.jpg\" class=\"attachment-large size-large wp-image-440\" alt=\"\" srcset=\"https:\/\/www.centredereflexologieluxembourg.lu\/wp-content\/uploads\/2021\/04\/155536766_374258046996654_7830004384008335928_n-1024x683.jpg 1024w, https:\/\/www.centredereflexologieluxembourg.lu\/wp-content\/uploads\/2021\/04\/155536766_374258046996654_7830004384008335928_n-300x200.jpg 300w, https:\/\/www.centredereflexologieluxembourg.lu\/wp-content\/uploads\/2021\/04\/155536766_374258046996654_7830004384008335928_n-768x512.jpg 768w, https:\/\/www.centredereflexologieluxembourg.lu\/wp-content\/uploads\/2021\/04\/155536766_374258046996654_7830004384008335928_n-1536x1025.jpg 1536w, https:\/\/www.centredereflexologieluxembourg.lu\/wp-content\/uploads\/2021\/04\/155536766_374258046996654_7830004384008335928_n-600x400.jpg 600w, https:\/\/www.centredereflexologieluxembourg.lu\/wp-content\/uploads\/2021\/04\/155536766_374258046996654_7830004384008335928_n.jpg 2000w\" sizes=\"(max-width: 800px) 100vw, 800px\" \/>\t\t\t\t\t\t\t\t\t\t\t\t\t\t\t<\/div>\n\t\t\t\t<\/div>\n\t\t\t\t\t<\/div>\n\t\t<\/div>\n\t\t\t\t<div class=\"elementor-column elementor-col-50 elementor-top-column elementor-element elementor-element-1eaa642\" data-id=\"1eaa642\" data-element_type=\"column\" data-e-type=\"column\">\n\t\t\t<div class=\"elementor-widget-wrap elementor-element-populated\">\n\t\t\t\t\t\t<div class=\"elementor-element elementor-element-3d93011 elementor-widget__width-initial elementor-widget elementor-widget-text-editor\" data-id=\"3d93011\" data-element_type=\"widget\" data-e-type=\"widget\" data-widget_type=\"text-editor.default\">\n\t\t\t\t<div class=\"elementor-widget-container\">\n\t\t\t\t\t\t\t\t\t<p>Le Centre de R\u00e9flexologie du Luxembourg (anciennement le Centre de de Formation de Steinfort) est une des premi\u00e8res \u00e9coles \u00e0 Luxembourg de R\u00e9flexologie reconnue par le label europ\u00e9en Reflexology in Europe Network (R.I.E.N).&nbsp;<\/p>\n<p>Les formations certifiantes (150h la premi\u00e8re ann\u00e9e et 150h la 2\u00e8me ann\u00e9e) vous donnent acc\u00e8s \u00e0 la profession gr\u00e2ce \u00e0 un contenu th\u00e9orique de qualit\u00e9, valid\u00e9 par R.I.E.N et con\u00e7u par des professionnels reconnus (r\u00e9flexologue, ost\u00e9opathe, kin\u00e9sith\u00e9rapeute et sage-femme).&nbsp; La pratique et l&rsquo;apprentissage des points d&rsquo;acupression se trouvent au coeur des formations (suivi soutenu de la pratique en pr\u00e9sentiel, supervision des rapports de stage, supports didactiques, vid\u00e9os, groupe de communication, etc.) ainsi que l&rsquo;approfondissement des protocoles sp\u00e9cifiques en r\u00e9flexologie.<\/p>\n<p><span style=\"font-size: 1rem;\">Elles s&rsquo;adressent \u00e0 tous ; professionnels de la sant\u00e9 d\u00e9sirant enrichir sa formation,&nbsp;<\/span><span style=\"font-size: 1rem;\">th\u00e9rapeutes, parents, toute personne d\u00e9sirant se former professionnellement et d\u00e9couvrir la r\u00e9flexologie.&nbsp;<\/span><\/p>\n<p>Toutes nos formations certifiantes, conf\u00e9rences et ateliers sont donn\u00e9s par des r\u00e9flexologues certifi\u00e9s ou des professionnels de la sant\u00e9 <span style=\"font-size: 1rem;\">reconnus \u00e0 Luxembourg et pays frontaliers, dans un cadre convivial et dans le respect de la m\u00e9decine conventionnelle, de l&rsquo;\u00e9thique et de la d\u00e9ontologie.<\/span><\/p>\t\t\t\t\t\t\t\t<\/div>\n\t\t\t\t<\/div>\n\t\t\t\t\t<\/div>\n\t\t<\/div>\n\t\t\t\t\t<\/div>\n\t\t<\/section>\n\t\t\t\t<section class=\"elementor-section elementor-top-section elementor-element elementor-element-904ef8c elementor-section-boxed elementor-section-height-default elementor-section-height-default\" data-id=\"904ef8c\" data-element_type=\"section\" data-e-type=\"section\" data-settings=\"{&quot;_ha_eqh_enable&quot;:false}\">\n\t\t\t\t\t\t<div class=\"elementor-container elementor-column-gap-default\">\n\t\t\t\t\t<div class=\"elementor-column elementor-col-50 elementor-top-column elementor-element elementor-element-0373883\" data-id=\"0373883\" data-element_type=\"column\" data-e-type=\"column\">\n\t\t\t<div class=\"elementor-widget-wrap elementor-element-populated\">\n\t\t\t\t\t\t<div class=\"elementor-element elementor-element-c4a1f79 elementor-widget elementor-widget-heading\" data-id=\"c4a1f79\" data-element_type=\"widget\" data-e-type=\"widget\" data-widget_type=\"heading.default\">\n\t\t\t\t<div class=\"elementor-widget-container\">\n\t\t\t\t\t<h2 class=\"elementor-heading-title elementor-size-default\">Marie-Laure Emond<\/h2>\t\t\t\t<\/div>\n\t\t\t\t<\/div>\n\t\t\t\t<div class=\"elementor-element elementor-element-37702eb elementor-invisible elementor-widget elementor-widget-image\" data-id=\"37702eb\" data-element_type=\"widget\" data-e-type=\"widget\" data-settings=\"{&quot;_animation&quot;:&quot;zoomIn&quot;}\" data-widget_type=\"image.default\">\n\t\t\t\t<div class=\"elementor-widget-container\">\n\t\t\t\t\t\t\t\t\t\t\t\t\t\t\t<img decoding=\"async\" width=\"213\" height=\"300\" src=\"https:\/\/www.centredereflexologieluxembourg.lu\/wp-content\/uploads\/2024\/05\/20230704_113116-213x300.jpg\" class=\"attachment-medium size-medium wp-image-1330\" alt=\"\" srcset=\"https:\/\/www.centredereflexologieluxembourg.lu\/wp-content\/uploads\/2024\/05\/20230704_113116-213x300.jpg 213w, https:\/\/www.centredereflexologieluxembourg.lu\/wp-content\/uploads\/2024\/05\/20230704_113116-726x1024.jpg 726w, https:\/\/www.centredereflexologieluxembourg.lu\/wp-content\/uploads\/2024\/05\/20230704_113116-768x1083.jpg 768w, https:\/\/www.centredereflexologieluxembourg.lu\/wp-content\/uploads\/2024\/05\/20230704_113116-1090x1536.jpg 1090w, https:\/\/www.centredereflexologieluxembourg.lu\/wp-content\/uploads\/2024\/05\/20230704_113116-1453x2048.jpg 1453w, https:\/\/www.centredereflexologieluxembourg.lu\/wp-content\/uploads\/2024\/05\/20230704_113116-600x846.jpg 600w, https:\/\/www.centredereflexologieluxembourg.lu\/wp-content\/uploads\/2024\/05\/20230704_113116-43x60.jpg 43w, https:\/\/www.centredereflexologieluxembourg.lu\/wp-content\/uploads\/2024\/05\/20230704_113116-64x90.jpg 64w, https:\/\/www.centredereflexologieluxembourg.lu\/wp-content\/uploads\/2024\/05\/20230704_113116-scaled.jpg 1816w\" sizes=\"(max-width: 213px) 100vw, 213px\" \/>\t\t\t\t\t\t\t\t\t\t\t\t\t\t\t<\/div>\n\t\t\t\t<\/div>\n\t\t\t\t\t<\/div>\n\t\t<\/div>\n\t\t\t\t<div class=\"elementor-column elementor-col-50 elementor-top-column elementor-element elementor-element-9fd0eed\" data-id=\"9fd0eed\" data-element_type=\"column\" data-e-type=\"column\">\n\t\t\t<div class=\"elementor-widget-wrap elementor-element-populated\">\n\t\t\t\t\t\t<section class=\"elementor-section elementor-inner-section elementor-element elementor-element-be11ce9 elementor-section-boxed elementor-section-height-default elementor-section-height-default\" data-id=\"be11ce9\" data-element_type=\"section\" data-e-type=\"section\" data-settings=\"{&quot;_ha_eqh_enable&quot;:false}\">\n\t\t\t\t\t\t<div class=\"elementor-container elementor-column-gap-default\">\n\t\t\t\t\t<div class=\"elementor-column elementor-col-100 elementor-inner-column elementor-element elementor-element-14a58d3\" data-id=\"14a58d3\" data-element_type=\"column\" data-e-type=\"column\">\n\t\t\t<div class=\"elementor-widget-wrap elementor-element-populated\">\n\t\t\t\t\t\t<div class=\"elementor-element elementor-element-e93fac4 elementor-widget__width-initial elementor-widget elementor-widget-text-editor\" data-id=\"e93fac4\" data-element_type=\"widget\" data-e-type=\"widget\" data-widget_type=\"text-editor.default\">\n\t\t\t\t<div class=\"elementor-widget-container\">\n\t\t\t\t\t\t\t\t\t<p>Marie-Laure Emond est la responsable p\u00e9dagogique du Centre de R\u00e9flexologie du Luxembourg. Licenci\u00e9e en Communication de l&rsquo;UCL et r\u00e9flexologue, elle est gestionnaire du centre de formation professionnelle et continue, reconnu \u00e0 Luxembourg. C&rsquo;est avec passion qu&rsquo;elle vous propose un cursus professionnalisant et ses sp\u00e9cialisations en r\u00e9flexologie \u00e0 Luxembourg.<\/p><p>\u00a0<\/p>\t\t\t\t\t\t\t\t<\/div>\n\t\t\t\t<\/div>\n\t\t\t\t<div class=\"elementor-element elementor-element-4d494e5 elementor-widget__width-initial elementor-widget elementor-widget-text-editor\" data-id=\"4d494e5\" data-element_type=\"widget\" data-e-type=\"widget\" data-widget_type=\"text-editor.default\">\n\t\t\t\t<div class=\"elementor-widget-container\">\n\t\t\t\t\t\t\t\t\t<ul><li><span style=\"font-size: 1rem;\">Co-g\u00e9rante du Centre M\u00e9dical des Champs du Soleil de Steinfort,<\/span><\/li><li>R\u00e9flexologue dipl\u00f4m\u00e9e et certifi\u00e9e par la F\u00e9d\u00e9ration Belge des\u00a0 R\u00e9flexologues (FEBEREF) en r\u00e9flexologie plantaire, palmaire et M\u00e9decine Traditionnelle Chinoise, sp\u00e9cialis\u00e9e en :<\/li><li>R\u00e9flexologie et traumatologie\u00a9 (gestion de la douleur),<\/li><li>R\u00e9flexologie et Dien Chan du Visage (\u00c9cole Internationale du Dien Chan),<\/li><li>R\u00e9flexologie p\u00e9diatrique\u00a9,<\/li><li>R\u00e9flexologie b\u00e9b\u00e9 affective\u00a9,<\/li><li>Accompagnements oncologiques,<\/li><li>Accompagnements en soins palliatifs \u00e0 domicile,<\/li><li>Access Bars (point d\u2019acupressions sur le cr\u00e2ne),<\/li><li>Instructrice en Massage B\u00e9b\u00e9 certifi\u00e9e par l\u2019Association Internationale de Massage pour B\u00e9b\u00e9,<\/li><\/ul>\t\t\t\t\t\t\t\t<\/div>\n\t\t\t\t<\/div>\n\t\t\t\t\t<\/div>\n\t\t<\/div>\n\t\t\t\t\t<\/div>\n\t\t<\/section>\n\t\t\t\t\t<\/div>\n\t\t<\/div>\n\t\t\t\t\t<\/div>\n\t\t<\/section>\n\t\t\t\t<section class=\"elementor-section elementor-top-section elementor-element elementor-element-311a36b elementor-section-boxed elementor-section-height-default elementor-section-height-default\" data-id=\"311a36b\" data-element_type=\"section\" data-e-type=\"section\" data-settings=\"{&quot;_ha_eqh_enable&quot;:false}\">\n\t\t\t\t\t\t<div class=\"elementor-container elementor-column-gap-default\">\n\t\t\t\t\t<div class=\"elementor-column elementor-col-100 elementor-top-column elementor-element elementor-element-a0b479e\" data-id=\"a0b479e\" data-element_type=\"column\" data-e-type=\"column\">\n\t\t\t<div class=\"elementor-widget-wrap elementor-element-populated\">\n\t\t\t\t\t\t<div class=\"elementor-element elementor-element-10f9d9e ha-testimonial-carousel--basic ha-testimonial-carousel--center ha-equal-height-no ha-testimonial-carousel--top ha-has-bg-overlay elementor-widget elementor-widget-ha-testimonial-carousel happy-addon ha-testimonial-carousel happy-addon-pro\" data-id=\"10f9d9e\" data-element_type=\"widget\" data-e-type=\"widget\" data-settings=\"{&quot;navigation&quot;:&quot;dots&quot;,&quot;slides_to_show&quot;:&quot;3&quot;,&quot;slides_to_show_tablet&quot;:&quot;2&quot;,&quot;slides_to_show_mobile&quot;:&quot;1&quot;,&quot;animation_speed&quot;:800,&quot;autoplay&quot;:&quot;yes&quot;,&quot;autoplay_speed&quot;:2000,&quot;loop&quot;:&quot;yes&quot;}\" data-widget_type=\"ha-testimonial-carousel.default\">\n\t\t\t\t<div class=\"elementor-widget-container\">\n\t\t\t\t\t\n        <div data-ha_rcc_uid=\"\" class=\"ha-testimonial-carousel__wrap\">\n\n                        <div class=\"ha-testimonial-carousel-slick-slide slick-slide\">\n                <div class=\"ha-testimonial-carousel__item\">\n                    <div class=\"ha-testimonial-carousel__content\">\n                        Un superbe week-end de formation de r\u00e9flexologie palmaire. Tout dans la bienveillance et avec une formatrice tr\u00e8s \u00e0 l\u2019\u00e9coute de chacun et qui partage son savoir avec passion                      <\/div>\n                    <div class=\"ha-testimonial-carousel__reviewer\">\n                                                    <div class=\"ha-testimonial-carousel__reviewer-thumb\">\n                                <img decoding=\"async\" src=\"https:\/\/www.centredereflexologieluxembourg.lu\/wp-content\/uploads\/2024\/05\/johanna-rase.jpg\" alt=\"Johanna Rase\">\n                            <\/div>\n                        \n                        <div class=\"ha-testimonial-carousel__reviewer-meta\">\n                            <div class=\"ha-testimonial-carousel__reviewer-name\">\n                                Johanna Rase                            <\/div>\n                            <div class=\"ha-testimonial-carousel__reviewer-title\">\n                                                            <\/div>\n                        <\/div>\n                    <\/div>\n                <\/div>\n            <\/div>\n\n                        <div class=\"ha-testimonial-carousel-slick-slide slick-slide\">\n                <div class=\"ha-testimonial-carousel__item\">\n                    <div class=\"ha-testimonial-carousel__content\">\n                        Formations de haute qualit\u00e9 en petits groupes ! \nLa formatrice, Marie-Laure Emond, est d\u2019une grande gentillesse et transmet son savoir avec passion. \nA la sortie de chaque formation vous n\u2019aurez pas qu\u2019un certificat reconnu en mains mais surtout des techniques et m\u00e9thodes suppl\u00e9mentaires qui viendront affiner et compl\u00e9ter la formation de base en r\u00e9flexologie plantaire.\nJe recommande sans h\u00e9sitation !\n                    <\/div>\n                    <div class=\"ha-testimonial-carousel__reviewer\">\n                                                    <div class=\"ha-testimonial-carousel__reviewer-thumb\">\n                                <img decoding=\"async\" src=\"https:\/\/www.centredereflexologieluxembourg.lu\/wp-content\/uploads\/2024\/05\/christine-Thill-Yoga.jpg\" alt=\"Christine Thill \u2013 Yoga\">\n                            <\/div>\n                        \n                        <div class=\"ha-testimonial-carousel__reviewer-meta\">\n                            <div class=\"ha-testimonial-carousel__reviewer-name\">\n                                Christine Thill \u2013 Yoga                            <\/div>\n                            <div class=\"ha-testimonial-carousel__reviewer-title\">\n                                                            <\/div>\n                        <\/div>\n                    <\/div>\n                <\/div>\n            <\/div>\n\n                        <div class=\"ha-testimonial-carousel-slick-slide slick-slide\">\n                <div class=\"ha-testimonial-carousel__item\">\n                    <div class=\"ha-testimonial-carousel__content\">\n                        Une formation de r\u00e9flexologie plantaire \u00e0 taille humaine avec une formatrice qui \nl\u00b4est tout autant. \nMarie-laure nous transmet son immense savoir avec passion, simplicit\u00e9, sait nous encourager dans les moments de doutes.\nUne formation tr\u00e8s compl\u00e8te qui nous donne du professionnalisme entre les mains. \nEn plus d\u00b4une formation, c\u00b4est une vrai \u00e9volution personnelle , de belles rencontres avec nos camarades de formation et un challenge dans lequel nous sommes vraiment \u00e9paul\u00e9e.\nMerci beaucoup Marie-laure  et h\u00e2te de poursuivre les autres formations. \n                    <\/div>\n                    <div class=\"ha-testimonial-carousel__reviewer\">\n                                                    <div class=\"ha-testimonial-carousel__reviewer-thumb\">\n                                <img decoding=\"async\" src=\"https:\/\/www.centredereflexologieluxembourg.lu\/wp-content\/uploads\/2024\/05\/Isabelle-LeCalvez.jpg\" alt=\"Isabelle LeCalvez\">\n                            <\/div>\n                        \n                        <div class=\"ha-testimonial-carousel__reviewer-meta\">\n                            <div class=\"ha-testimonial-carousel__reviewer-name\">\n                                Isabelle LeCalvez                            <\/div>\n                            <div class=\"ha-testimonial-carousel__reviewer-title\">\n                                                            <\/div>\n                        <\/div>\n                    <\/div>\n                <\/div>\n            <\/div>\n\n                    <\/div>\n\t    \t\t\t\t<\/div>\n\t\t\t\t<\/div>\n\t\t\t\t\t<\/div>\n\t\t<\/div>\n\t\t\t\t\t<\/div>\n\t\t<\/section>\n\t\t\t\t<section class=\"elementor-section elementor-top-section elementor-element elementor-element-9775b46 elementor-section-boxed elementor-section-height-default elementor-section-height-default\" data-id=\"9775b46\" data-element_type=\"section\" data-e-type=\"section\" data-settings=\"{&quot;_ha_eqh_enable&quot;:false}\">\n\t\t\t\t\t\t<div class=\"elementor-container elementor-column-gap-default\">\n\t\t\t\t\t<div class=\"elementor-column elementor-col-50 elementor-top-column elementor-element elementor-element-d6982a3\" data-id=\"d6982a3\" data-element_type=\"column\" data-e-type=\"column\">\n\t\t\t<div class=\"elementor-widget-wrap elementor-element-populated\">\n\t\t\t\t\t\t<div class=\"elementor-element elementor-element-24ba046 elementor-widget elementor-widget-heading\" data-id=\"24ba046\" data-element_type=\"widget\" data-e-type=\"widget\" data-widget_type=\"heading.default\">\n\t\t\t\t<div class=\"elementor-widget-container\">\n\t\t\t\t\t<h2 class=\"elementor-heading-title elementor-size-default\">Formations<\/h2>\t\t\t\t<\/div>\n\t\t\t\t<\/div>\n\t\t\t\t<div class=\"elementor-element elementor-element-cf2f1f0 elementor-invisible elementor-widget elementor-widget-image\" data-id=\"cf2f1f0\" data-element_type=\"widget\" data-e-type=\"widget\" data-settings=\"{&quot;_animation&quot;:&quot;zoomIn&quot;}\" data-widget_type=\"image.default\">\n\t\t\t\t<div class=\"elementor-widget-container\">\n\t\t\t\t\t\t\t\t\t\t\t\t\t\t\t<img decoding=\"async\" width=\"800\" height=\"671\" src=\"https:\/\/www.centredereflexologieluxembourg.lu\/wp-content\/uploads\/2021\/03\/17.png\" class=\"attachment-large size-large wp-image-162\" alt=\"\" srcset=\"https:\/\/www.centredereflexologieluxembourg.lu\/wp-content\/uploads\/2021\/03\/17.png 940w, https:\/\/www.centredereflexologieluxembourg.lu\/wp-content\/uploads\/2021\/03\/17-600x503.png 600w, https:\/\/www.centredereflexologieluxembourg.lu\/wp-content\/uploads\/2021\/03\/17-300x251.png 300w, https:\/\/www.centredereflexologieluxembourg.lu\/wp-content\/uploads\/2021\/03\/17-768x644.png 768w\" sizes=\"(max-width: 800px) 100vw, 800px\" \/>\t\t\t\t\t\t\t\t\t\t\t\t\t\t\t<\/div>\n\t\t\t\t<\/div>\n\t\t\t\t<div class=\"elementor-element elementor-element-6183715 elementor-align-center elementor-widget elementor-widget-button\" data-id=\"6183715\" data-element_type=\"widget\" data-e-type=\"widget\" data-widget_type=\"button.default\">\n\t\t\t\t<div class=\"elementor-widget-container\">\n\t\t\t\t\t\t\t\t\t<div class=\"elementor-button-wrapper\">\n\t\t\t\t\t<a class=\"elementor-button elementor-button-link elementor-size-sm\" href=\"https:\/\/www.centredereflexologieluxembourg.lu\/?page_id=136\">\n\t\t\t\t\t\t<span class=\"elementor-button-content-wrapper\">\n\t\t\t\t\t\t\t\t\t<span class=\"elementor-button-text\">En savoir plus<\/span>\n\t\t\t\t\t<\/span>\n\t\t\t\t\t<\/a>\n\t\t\t\t<\/div>\n\t\t\t\t\t\t\t\t<\/div>\n\t\t\t\t<\/div>\n\t\t\t\t\t<\/div>\n\t\t<\/div>\n\t\t\t\t<div class=\"elementor-column elementor-col-50 elementor-top-column elementor-element elementor-element-1a35a7b\" data-id=\"1a35a7b\" data-element_type=\"column\" data-e-type=\"column\">\n\t\t\t<div class=\"elementor-widget-wrap elementor-element-populated\">\n\t\t\t\t\t\t<div class=\"elementor-element elementor-element-5e8595d elementor-widget elementor-widget-heading\" data-id=\"5e8595d\" data-element_type=\"widget\" data-e-type=\"widget\" data-widget_type=\"heading.default\">\n\t\t\t\t<div class=\"elementor-widget-container\">\n\t\t\t\t\t<h2 class=\"elementor-heading-title elementor-size-default\">Conf\u00e9rences<\/h2>\t\t\t\t<\/div>\n\t\t\t\t<\/div>\n\t\t\t\t<div class=\"elementor-element elementor-element-60bf1a7 elementor-invisible elementor-widget elementor-widget-image\" data-id=\"60bf1a7\" data-element_type=\"widget\" data-e-type=\"widget\" data-settings=\"{&quot;_animation&quot;:&quot;zoomIn&quot;}\" data-widget_type=\"image.default\">\n\t\t\t\t<div class=\"elementor-widget-container\">\n\t\t\t\t\t\t\t\t\t\t\t\t\t\t\t<img loading=\"lazy\" decoding=\"async\" width=\"800\" height=\"671\" src=\"https:\/\/www.centredereflexologieluxembourg.lu\/wp-content\/uploads\/2021\/03\/11.png\" class=\"attachment-large size-large wp-image-149\" alt=\"\" srcset=\"https:\/\/www.centredereflexologieluxembourg.lu\/wp-content\/uploads\/2021\/03\/11.png 940w, https:\/\/www.centredereflexologieluxembourg.lu\/wp-content\/uploads\/2021\/03\/11-600x503.png 600w, https:\/\/www.centredereflexologieluxembourg.lu\/wp-content\/uploads\/2021\/03\/11-300x251.png 300w, https:\/\/www.centredereflexologieluxembourg.lu\/wp-content\/uploads\/2021\/03\/11-768x644.png 768w\" sizes=\"(max-width: 800px) 100vw, 800px\" \/>\t\t\t\t\t\t\t\t\t\t\t\t\t\t\t<\/div>\n\t\t\t\t<\/div>\n\t\t\t\t<div class=\"elementor-element elementor-element-4fab593 elementor-align-center elementor-widget elementor-widget-button\" data-id=\"4fab593\" data-element_type=\"widget\" data-e-type=\"widget\" data-widget_type=\"button.default\">\n\t\t\t\t<div class=\"elementor-widget-container\">\n\t\t\t\t\t\t\t\t\t<div class=\"elementor-button-wrapper\">\n\t\t\t\t\t<a class=\"elementor-button elementor-button-link elementor-size-sm\" href=\"https:\/\/www.centredereflexologieluxembourg.lu\/?page_id=235\">\n\t\t\t\t\t\t<span class=\"elementor-button-content-wrapper\">\n\t\t\t\t\t\t\t\t\t<span class=\"elementor-button-text\">En savoir plus<\/span>\n\t\t\t\t\t<\/span>\n\t\t\t\t\t<\/a>\n\t\t\t\t<\/div>\n\t\t\t\t\t\t\t\t<\/div>\n\t\t\t\t<\/div>\n\t\t\t\t\t<\/div>\n\t\t<\/div>\n\t\t\t\t\t<\/div>\n\t\t<\/section>\n\t\t\t\t<section class=\"elementor-section elementor-top-section elementor-element elementor-element-c10377e elementor-section-boxed elementor-section-height-default elementor-section-height-default\" data-id=\"c10377e\" data-element_type=\"section\" data-e-type=\"section\" data-settings=\"{&quot;background_background&quot;:&quot;classic&quot;,&quot;_ha_eqh_enable&quot;:false}\">\n\t\t\t\t\t\t<div class=\"elementor-container elementor-column-gap-default\">\n\t\t\t\t\t<div class=\"elementor-column elementor-col-50 elementor-top-column elementor-element elementor-element-bdd3aa3\" data-id=\"bdd3aa3\" data-element_type=\"column\" data-e-type=\"column\">\n\t\t\t<div class=\"elementor-widget-wrap elementor-element-populated\">\n\t\t\t\t\t\t<div class=\"elementor-element elementor-element-e2e32a1 elementor-widget elementor-widget-image\" data-id=\"e2e32a1\" data-element_type=\"widget\" data-e-type=\"widget\" data-widget_type=\"image.default\">\n\t\t\t\t<div class=\"elementor-widget-container\">\n\t\t\t\t\t\t\t\t\t\t\t\t\t\t\t<img decoding=\"async\" src=\"https:\/\/www.centredereflexologieluxembourg.lu\/wp-content\/uploads\/elementor\/thumbs\/cropped-CF_STEINFORT_POS-p6dqs1au8dlz0n4izxdcn4zazctgwust7gp1lj1eu4.png\" title=\"cropped-CF_STEINFORT_POS.png\" alt=\"cropped-CF_STEINFORT_POS.png\" loading=\"lazy\" \/>\t\t\t\t\t\t\t\t\t\t\t\t\t\t\t<\/div>\n\t\t\t\t<\/div>\n\t\t\t\t\t<\/div>\n\t\t<\/div>\n\t\t\t\t<div class=\"elementor-column elementor-col-50 elementor-top-column elementor-element elementor-element-add3a2a\" data-id=\"add3a2a\" data-element_type=\"column\" data-e-type=\"column\">\n\t\t\t<div class=\"elementor-widget-wrap elementor-element-populated\">\n\t\t\t\t\t\t<div class=\"elementor-element elementor-element-695a0f0 elementor-view-default elementor-widget elementor-widget-icon\" data-id=\"695a0f0\" data-element_type=\"widget\" data-e-type=\"widget\" data-widget_type=\"icon.default\">\n\t\t\t\t<div class=\"elementor-widget-container\">\n\t\t\t\t\t\t\t<div class=\"elementor-icon-wrapper\">\n\t\t\t<div class=\"elementor-icon\">\n\t\t\t<i aria-hidden=\"true\" class=\"fas fa-phone-alt\"><\/i>\t\t\t<\/div>\n\t\t<\/div>\n\t\t\t\t\t\t<\/div>\n\t\t\t\t<\/div>\n\t\t\t\t<div class=\"elementor-element elementor-element-a2387fd elementor-widget elementor-widget-text-editor\" data-id=\"a2387fd\" data-element_type=\"widget\" data-e-type=\"widget\" data-widget_type=\"text-editor.default\">\n\t\t\t\t<div class=\"elementor-widget-container\">\n\t\t\t\t\t\t\t\t\t<h5>+352 691 351 228<\/h5>\t\t\t\t\t\t\t\t<\/div>\n\t\t\t\t<\/div>\n\t\t\t\t<div class=\"elementor-element elementor-element-f6e3a6d elementor-view-default elementor-widget elementor-widget-icon\" data-id=\"f6e3a6d\" data-element_type=\"widget\" data-e-type=\"widget\" data-widget_type=\"icon.default\">\n\t\t\t\t<div class=\"elementor-widget-container\">\n\t\t\t\t\t\t\t<div class=\"elementor-icon-wrapper\">\n\t\t\t<div class=\"elementor-icon\">\n\t\t\t<i aria-hidden=\"true\" class=\"fas fa-map-marker-alt\"><\/i>\t\t\t<\/div>\n\t\t<\/div>\n\t\t\t\t\t\t<\/div>\n\t\t\t\t<\/div>\n\t\t\t\t<div class=\"elementor-element elementor-element-9bafebe elementor-widget elementor-widget-text-editor\" data-id=\"9bafebe\" data-element_type=\"widget\" data-e-type=\"widget\" data-widget_type=\"text-editor.default\">\n\t\t\t\t<div class=\"elementor-widget-container\">\n\t\t\t\t\t\t\t\t\t<h5>Moulin de Beckerich, Huewelerstroos, 103, L-8521 Beckerich<\/h5>\t\t\t\t\t\t\t\t<\/div>\n\t\t\t\t<\/div>\n\t\t\t\t<div class=\"elementor-element elementor-element-6347c28 elementor-view-default elementor-widget elementor-widget-icon\" data-id=\"6347c28\" data-element_type=\"widget\" data-e-type=\"widget\" data-widget_type=\"icon.default\">\n\t\t\t\t<div class=\"elementor-widget-container\">\n\t\t\t\t\t\t\t<div class=\"elementor-icon-wrapper\">\n\t\t\t<div class=\"elementor-icon\">\n\t\t\t<i aria-hidden=\"true\" class=\"fas fa-mail-bulk\"><\/i>\t\t\t<\/div>\n\t\t<\/div>\n\t\t\t\t\t\t<\/div>\n\t\t\t\t<\/div>\n\t\t\t\t<div class=\"elementor-element elementor-element-2665c29 elementor-widget elementor-widget-text-editor\" data-id=\"2665c29\" data-element_type=\"widget\" data-e-type=\"widget\" data-widget_type=\"text-editor.default\">\n\t\t\t\t<div class=\"elementor-widget-container\">\n\t\t\t\t\t\t\t\t\t<h5>marielaure@centremedicalsteinfort.lu<\/h5>\t\t\t\t\t\t\t\t<\/div>\n\t\t\t\t<\/div>\n\t\t\t\t\t<\/div>\n\t\t<\/div>\n\t\t\t\t\t<\/div>\n\t\t<\/section>\n\t\t\t\t<\/div>\n\t\t","protected":false},"excerpt":{"rendered":"<p>FORMATIONSEn savoir plusCONFERENCESEn savoir plus Qui sommes-nous ? Le Centre de R\u00e9flexologie du Luxembourg (anciennement le Centre de de Formation de Steinfort) est une des premi\u00e8res \u00e9coles \u00e0 Luxembourg de R\u00e9flexologie reconnue par le label europ\u00e9en Reflexology in Europe Network (R.I.E.N).&nbsp; Les formations certifiantes (150h la premi\u00e8re ann\u00e9e et 150h la 2\u00e8me ann\u00e9e) vous donnent [&hellip;]<\/p>\n","protected":false},"author":1,"featured_media":0,"parent":0,"menu_order":0,"comment_status":"closed","ping_status":"closed","template":"","meta":{"_seopress_robots_primary_cat":"","_seopress_titles_title":"","_seopress_titles_desc":"","_seopress_robots_index":"","footnotes":""},"class_list":["post-170","page","type-page","status-publish","hentry"],"_links":{"self":[{"href":"https:\/\/www.centredereflexologieluxembourg.lu\/index.php?rest_route=\/wp\/v2\/pages\/170","targetHints":{"allow":["GET"]}}],"collection":[{"href":"https:\/\/www.centredereflexologieluxembourg.lu\/index.php?rest_route=\/wp\/v2\/pages"}],"about":[{"href":"https:\/\/www.centredereflexologieluxembourg.lu\/index.php?rest_route=\/wp\/v2\/types\/page"}],"author":[{"embeddable":true,"href":"https:\/\/www.centredereflexologieluxembourg.lu\/index.php?rest_route=\/wp\/v2\/users\/1"}],"replies":[{"embeddable":true,"href":"https:\/\/www.centredereflexologieluxembourg.lu\/index.php?rest_route=%2Fwp%2Fv2%2Fcomments&post=170"}],"version-history":[{"count":128,"href":"https:\/\/www.centredereflexologieluxembourg.lu\/index.php?rest_route=\/wp\/v2\/pages\/170\/revisions"}],"predecessor-version":[{"id":1608,"href":"https:\/\/www.centredereflexologieluxembourg.lu\/index.php?rest_route=\/wp\/v2\/pages\/170\/revisions\/1608"}],"wp:attachment":[{"href":"https:\/\/www.centredereflexologieluxembourg.lu\/index.php?rest_route=%2Fwp%2Fv2%2Fmedia&parent=170"}],"curies":[{"name":"wp","href":"https:\/\/api.w.org\/{rel}","templated":true}]}}